{"id":4468,"date":"2025-04-24T16:21:24","date_gmt":"2025-04-24T14:21:24","guid":{"rendered":"https:\/\/www.ipasum.med.fau.de\/?page_id=4468"},"modified":"2025-04-24T16:38:58","modified_gmt":"2025-04-24T14:38:58","slug":"berufskrankheiten-kanzerogenese","status":"publish","type":"page","link":"https:\/\/www.ipasum.med.fau.de\/en\/berufskrankheiten-kanzerogenese\/","title":{"rendered":"Occupational diseases \/ carcinogenesis"},"content":{"rendered":"<div class=\"rrze-elements accordion style_default\" id=\"accordion-0\">\n<div class=\"accordion-group\">\n<h2 class=\"accordion-heading\"><button class=\"accordion-toggle\" data-toggle=\"collapse\"  href=\"#collapse_0\" aria-expanded=\"false\" aria-controls=\"collapse_0\" id=\"collapse_button_0\"> BK 1301:Exposure assessment for the risk of bladder cancer from aromatic amines <\/button><\/h2>\n<div id=\"collapse_0\" class=\"accordion-body\" aria-labelledby=\"collapse_button_0\">\n<div class=\"accordion-inner clearfix\">\n<p><strong>FB 286: Development of exposure assessment for the risk of work-related bladder cancer from aromatic amines and assessment of the effects of bladder cancer on employment<\/strong><\/p>\n<p>In the expert assessment of bladder carcinomas in suspected cases of BK\u00a01301 (changes to mucous membranes, cancers, or other new formations of the urinary tract from aromatic amines), exposure assessment presents a challenge. Since the general population is ubiquitously exposed to aromatic amines, the detection of exposure alone cannot prove that the causation of a bladder carcinoma can be significantly attributed to occupational factors. In this case, quantitative consideration of occupational risk with respect to risk-doubling appears reasonable and important. A generally obligatory convention may yield a contribution to the equal treatment of all insured parties. As long as there is no generally accepted convention for the contraction of a bladder carcinoma, risk assessment in individual cases remains the sole responsibility of the medical assessor in question.<\/p>\n<p>The goal of this scientific project is, in cooperation with occupational physicians and urologists, to achieve a consensus in which a referential dosage for carcinogenic aromatic amines can be established which is deemed relevant for the occurrence of work-related bladder tumours as part of an expert medical assessment.<\/p>\n<p>With statistic consultation from the Institute of Medical Informatics, Biometry, and Epidemiology of Friedrich-Alexander-Universit\u00e4t Erlangen-N\u00fcrnberg, a review of the scientific literature is being compiled which enables the derivation of a referential dosage of carcinogenic aromatic amines at which the risk for bladder tumours doubles:<\/p>\n<ul>\n<li>directly from available epidemiological studies,<\/li>\n<li>directly from available animal studies, or<\/li>\n<li>via comparison with the disease risk associated with tobacco consumption.<\/li>\n<\/ul>\n<p>A workshop of occupational physicians and urologists will discuss the results of the literature review as well as the necessity of further research, all with the goal of reaching a consensus.<\/p>\n<p>Furthermore, the conditions for the assessment of reduced ability to work in cases of work-related bladder tumours caused by carcinogenic aromatic amines (BK\u00a01301) or polycyclic aromatic hydrocarbons (BK 1321: changes to the mucous membrane, cancers, or other new formations of the urinary tract from polycyclic aromatic hydrocarbons in cases of detection of the impact of a cumulative dosage of at least 80 benzo(a)pyrene years [(\u00b5gm\u00b3) \u00d7 years]) are to be established.<\/p>\n<p><strong>This scientific results of this project will be published<\/strong> and are intended to be used for assessment recommendations in cases of work-related bladder cancer.<\/p>\n<p>This project is financed by the DGUV (FB 286).<\/p>\n<p>The literature review on the topic of \u201cDevelopment of exposure assessment for the risk of bladder cancer from aromatic amines \u2013 systematic review\u201d was registered on the PROSPERO\u00a0Server under No.\u00a0187862\u00a0<a href=\"https:\/\/www.crd.york.ac.uk\/prospero\/\">https:\/\/www.crd.york.ac.uk\/prospero\/<\/a>.<\/p>\n<p><strong>Contact person:<\/strong><\/p>\n<p><span class=\"fau-person person liste-person\"><span itemscope itemtype=\"http:\/\/schema.org\/Person\"><a href=\"https:\/\/www.ipasum.med.fau.de\/person\/wobbeke-weistenhoefer\/\"><span itemprop=\"name\"><span itemprop=\"honorificPrefix\">PD Dr. med.<\/span> <span class=\"fullname\"><span itemprop=\"givenName\">Wobbeke<\/span> <span itemprop=\"familyName\">Weistenh\u00f6fer<\/span><\/span><\/span><\/a><\/span><\/span>\n<span class=\"fau-person person liste-person\"><span itemscope itemtype=\"http:\/\/schema.org\/Person\"><a href=\"https:\/\/www.ipasum.med.fau.de\/person\/teresa-schilling\/\"><span itemprop=\"name\"><span itemprop=\"honorificPrefix\">Dr. med.<\/span> <span class=\"fullname\"><span itemprop=\"givenName\">Teresa<\/span> <span itemprop=\"familyName\">Schilling<\/span><\/span><\/span><\/a><\/span><\/span><\/p>\n<p>&nbsp;<\/p>\n<div class=\"rrze-elements accordion style_default\" id=\"accordion-1\">\n<div class=\"accordion-group\">\n<h2 class=\"accordion-heading\"><button class=\"accordion-toggle\" data-toggle=\"collapse\"  href=\"#collapse_1\" aria-expanded=\"false\" aria-controls=\"collapse_1\" id=\"collapse_button_1\"> DGAUM-Online-Workshop BK 1301- Expositionsabsch\u00e4tzung und MdE <\/button><\/h2>\n<div id=\"collapse_1\" class=\"accordion-body\" aria-labelledby=\"collapse_button_1\">\n<div class=\"accordion-inner clearfix\">\n<p>The <a href=\"https:\/\/www.ipasum.med.fau.de\/files\/2021\/03\/1_workshop_bk-1301_flyer.pdf\"><strong>DGAUM-Online-workshop<\/strong><\/a> on March 5, 2021 was part of the DGUV-financed project FB 286 \u201cDevelopment of exposure assessment for the risk of bladder cancer from aromatic amines and estimation of the effect of bladder cancer on employment\u201d. Based on the results of the project, this workshop discussed which exposure conditions to carcinogenic aromatic amines in the workplace make it more likely that a sufficient increase in disease risk for bladder cancer can be recognised as an occupational disease.<\/p>\n<p>In addition to the derivation of dosage amounts, a matrix was presented as an algorithm for estimating the occupational risk of bladder cancer in cases of reported BK\u00a01301. Furthermore, the problem of estimating the reduction in employability for occupational bladder carcinomas (including BK 1301 and BK 1321) was presented.<\/p>\n<p>A convention regarding exposure assessment and the evaluation of carcinogenic aromatic amines in cases of suspected BK 1301 should be sought in order to ensure the most uniform and thus fairest possible assessment of all insured parties affected.<\/p>\n<p><strong>Presentations:<\/strong><\/p>\n<p><a href=\"https:\/\/www.ipasum.med.fau.de\/files\/2021\/03\/2_workshop_bk1301_pucknat_einwirkungsermittlung.pdf\"><strong>Einwirkungsermittlung durch die Berufsgenossenschaft bei angezeigter BK 1301<\/strong><\/a><br \/>\nDaniela Pucknat (BGHM)<\/p>\n<p><a href=\"https:\/\/www.ipasum.med.fau.de\/files\/2021\/03\/3_workshop_bk1301_schilling_lit-rech.pdf\"><strong>Ergebnisse einer Literaturrecherche zur Dosisabsch\u00e4tzung, Vorschlag einer Dosisableitung f\u00fcr o-Toluidin<\/strong><\/a><br \/>\nTeresa Schilling, Wobbeke Weistenh\u00f6fer (IPASUM, Erlangen)<\/p>\n<p><a href=\"https:\/\/www.ipasum.med.fau.de\/files\/2021\/03\/4_workshop_bk1301_weiss_dosismodell.pdf\"><strong>Dosis Modell kanzerogener aromatischer Amine bei V.a. BK 1301 (Wei\u00df et al. 2010) und Erfahrungen aus der gutachterlichen Praxis<\/strong><\/a><br \/>\nTobias Wei\u00df, Thomas Br\u00fcning (IPA)<\/p>\n<p><a href=\"https:\/\/www.ipasum.med.fau.de\/files\/2021\/03\/5_workshop_bk1301_golka_matrices.pdf\"><strong>Matrix als Algorithmus zur Absch\u00e4tzung des beruflichen Harnblasenkarzinomerkrankungsrisikos bei V.a. BK 1301<\/strong><\/a><br \/>\nKlaus Golka (IfADo)<\/p>\n<p><a href=\"https:\/\/www.ipasum.med.fau.de\/files\/2021\/03\/6_workshop_bk1301_schoeps_mde.pdf\"><strong>MdE-Einsch\u00e4tzung bei beruflich bedingtem Harnblasenkarzinom<\/strong><\/a><br \/>\nWolfgang Sch\u00f6ps (Urologe, Beratender BG-Arzt, St. Augustin)<\/p>\n<\/div>\n<\/div>\n<\/div>\n<\/div>\n<\/div>\n<\/div>\n<\/div>\n<div class=\"accordion-group\">\n<h2 class=\"accordion-heading\"><button class=\"accordion-toggle\" data-toggle=\"collapse\"  href=\"#collapse_2\" aria-expanded=\"false\" aria-controls=\"collapse_2\" id=\"collapse_button_2\"> UV light as a carcinogen: Choroidal melanoma from UV radiation <\/button><\/h2>\n<div id=\"collapse_2\" class=\"accordion-body\" aria-labelledby=\"collapse_button_2\">\n<div class=\"accordion-inner clearfix\">\n<p><strong>Artificial UV radiation from welding and uveal melanoma \u2013 a scientific evaluation of the correlation based on German occupational-disease legislation<\/strong><\/p>\n<p><strong>Summary<\/strong><\/p>\n<p><u>Background<\/u>: The \u201cInternational Agency for Research on Cancer\u201d (IARC) has established a causal relationship between welding and the occurrence of uveal melanoma and it classified welding as a human carcinogen in its Monographs 100D (2012). A literature review has now been undertaken as to whether uveal melanoma caused by welding meets the requirements for being recognised as an occupational disease under German legislation.<\/p>\n<p><u>Method:<\/u> A systematic literature search was conducted on the association between the risk of a uveal melanoma and welding.<\/p>\n<p><u>Findings:<\/u> An association between welding or photokeratitis (inter alia through welding) and uveal melanoma was investigated in multiple case-control studies and one meta-analysis. Although predominantly positive associations were found, the causation was greatly limited by the frequent lack of statistical significance in the findings, the overlap of some study collectives, and uncertain pathomechanisms.<\/p>\n<p><u>Conclusion:<\/u> Current literature varies in terms of the nature and strength of a causal relationship between welding and the risk of a uveal melanoma and does not meet the scientific requirements of German occupational-disease legislation. Further critical monitoring and research is needed regarding the pathogenic agent, a mechanism of action, a dose-effect relationship, and the exact extent to which occupation is relevant.<\/p>\n<p><strong>Reference<\/strong><\/p>\n<p>Hiller J, Drexler H, Weistenh\u00f6fer W. K\u00fcnstliche UV-Strahlung durch Schwei\u00dfen und Aderhaut-Melanome. Arbeitsmed Sozialmed Umweltmed 2016; 51: 201-210 <a href=\"https:\/\/www.asu-arbeitsmedizin.com\/originalia\/kuenstliche-uv-strahlung-durch-schweissen-und-aderhaut-melanome\">https:\/\/www.asu-arbeitsmedizin.com\/originalia\/kuenstliche-uv-strahlung-durch-schweissen-und-aderhaut-melanome<\/a><\/p>\n<p>Contak person: <span class=\"fau-person person liste-person\"><span itemscope itemtype=\"http:\/\/schema.org\/Person\"><a href=\"https:\/\/www.ipasum.med.fau.de\/person\/julia-hiller\/\"><span itemprop=\"name\"><span itemprop=\"honorificPrefix\">Dr. med.<\/span> <span class=\"fullname\"><span itemprop=\"givenName\">Julia<\/span> <span itemprop=\"familyName\">Hiller<\/span><\/span><\/span><\/a><\/span>, <span itemscope itemtype=\"http:\/\/schema.org\/Person\"><a href=\"https:\/\/www.ipasum.med.fau.de\/person\/wobbeke-weistenhoefer\/\"><span itemprop=\"name\"><span itemprop=\"honorificPrefix\">PD Dr. med.<\/span> <span class=\"fullname\"><span itemprop=\"givenName\">Wobbeke<\/span> <span itemprop=\"familyName\">Weistenh\u00f6fer<\/span><\/span><\/span><\/a><\/span><\/span><\/p>\n<\/div>\n<\/div>\n<\/div>\n<div class=\"accordion-group\">\n<h2 class=\"accordion-heading\"><button class=\"accordion-toggle\" data-toggle=\"collapse\"  href=\"#collapse_3\" aria-expanded=\"false\" aria-controls=\"collapse_3\" id=\"collapse_button_3\"> Reduction of employment capacity in cases of BK 5103 <\/button><\/h2>\n<div id=\"collapse_3\" class=\"accordion-body\" aria-labelledby=\"collapse_button_3\">\n<div class=\"accordion-inner clearfix\">\n<p>Alongside the introduction of BK\u00a05103 (squamous cell carcinoma of the skin from natural UV radiation), the recommendations for the estimation of a person\u2019s reduction in employment capacity (<em>Minderung der Erwerbsf\u00e4higkeit<\/em>, MdE) were revised as well. In order to draw a comparison with cases of BK 5103 assessed to date, the expert-assessment practice from 2010 to 2015 was analysed in a case collective and trends were analysed.<\/p>\n<p><strong>Publication<\/strong><\/p>\n<p>Hiller J, Braun M, Drexler H. Minderung der Erwerbsf\u00e4higkeit bei der Berufskrankheit 5103: Trends und Vergleich der Begutachtungspraxis von 2010 \u2013 2015. Dermatologie in Beruf und Umwelt 2016; 64: 45-53<\/p>\n<p>&nbsp;<\/p>\n<p><strong>Contact person:<\/strong><\/p>\n<p><span class=\"fau-person person liste-person\"><span itemscope itemtype=\"http:\/\/schema.org\/Person\"><a href=\"https:\/\/www.ipasum.med.fau.de\/person\/julia-hiller\/\"><span itemprop=\"name\"><span itemprop=\"honorificPrefix\">Dr. med.<\/span> <span class=\"fullname\"><span itemprop=\"givenName\">Julia<\/span> <span itemprop=\"familyName\">Hiller<\/span><\/span><\/span><\/a><\/span><\/span><\/p>\n<\/div>\n<\/div>\n<\/div>\n<div class=\"accordion-group\">\n<h2 class=\"accordion-heading\"><button class=\"accordion-toggle\" data-toggle=\"collapse\"  href=\"#collapse_4\" aria-expanded=\"false\" aria-controls=\"collapse_4\" id=\"collapse_button_4\"> Projekt: Improvement of the identification of potential occupational diseases \u2013 Development of a web-based application (web app) to be used by specialized personnel and laypeople <\/button><\/h2>\n<div id=\"collapse_4\" class=\"accordion-body\" aria-labelledby=\"collapse_button_4\">\n<div class=\"accordion-inner clearfix\">\n<p>The web app \u201cBK\u2011Check\u201d is a project of the Next Generation working group at the German Society of Occupational and Environmental Medicine (<em>Deutsche Gesellschaft f\u00fcr Arbeitsmedizin und Umweltmedizin<\/em>, DGAUM) in cooperation with the IPASUM of FAU Erlangen-N\u00fcrnberg under inclusion of all interested medical organisations and patient representatives.<\/p>\n<p>&nbsp;<\/p>\n<p><strong>Project goal<\/strong><\/p>\n<p>The \u201cBK-Check\u201d web app aims to create a database in which all available knowledge on occupational diseases is presented in a way that enables laypeople to easily and independently access understandable information.<\/p>\n<p>&nbsp;<\/p>\n<p><strong>Development concept<\/strong><\/p>\n<p>The development of the web app is transparent, inclusive, and offers all interested occupational physicians as well as physicians from other disciplines and patient representatives the opportunity to participate directly. The current development status can be viewed at <a href=\"http:\/\/www.bkcheck.de\/\">www.bkcheck.de<\/a>.\u00a0Doctors and patient representatives may report requests for changes, suggestions for improvements, and supplemental information back to the PASUM project team; this feedback will be actively incorporated into the development of the app (contact: <a href=\"mailto:ipasum-bkcheck@fau.de\">ipasum-bkcheck@fau.de<\/a>).<\/p>\n<p>At the end of the development process, the aim is to provide an app that meets the needs and wishes of users (patients and practicing physicians) and, above all, that enables patients to obtain information about the possibility of an occupational disease from an easily accessible and comprehensible source.<\/p>\n<p>&nbsp;<\/p>\n<p><strong>Scientific background<\/strong><\/p>\n<p>The definition of the term \u201coccupational disease\u201d (\u201c<em>Berufskrankheit<\/em>\u201d, BK) and the obligation to report originate from the German Social Code\u00a0VII (SGB\u00a0VII) and are therefore of legal origin. The concretisation of individual \u201cBKs\u201d in the Occupational Diseases Ordinance (BKV) is of legal origin as well. Annex\u00a01 of the BKV lists all illnesses that can be recognised as occupational diseases. This BK list has evolved over time and is not rigid \u2013 new diseases have been and continue to be added to the list depending on the state of scientific knowledge. In addition, its classification is not uniform: in some cases, it is classified according to the type of exposure and in others, according to organ systems. The focus is predominantly on harmful noxious agents.<\/p>\n<p>For doctors subject to obligatory reporting, who focus on clinical thinking, and have no legal expertise and no special knowledge of the respective noxious substances, this focus can make access to the required information considerably more difficult and usually requires time-consuming research. For patients, who generally have neither legal nor medical expertise, it is practically impossible to access well-founded information and to form an independent opinion in the complex system of \u201coccupational diseases.\u201d Failure to report a well-founded suspicion of an occupational disease can be of significant importance to the patient concerned if, for example, possible preventive measures are not taken or financial benefits from the accident-insurance institutions go unclaimed.<\/p>\n<p>&nbsp;<\/p>\n<p><strong>The \u201cBK-Check\u201d web app<\/strong><\/p>\n<p>The \u201cBK Check\u201d web app is an easily accessible and comprehensible database designed to enable patients to find out whether or not they might have an occupational disease in just a few steps (\u201cclicks\u201d). If the web app is made freely accessible via a homepage, users can check whether they might have an occupational disease at any time, taking clinical presentation and specific occupation into account; if they wish, they may present the result to their doctor for further evaluation. The web app works completely without the patient needing to enter any personal data.<\/p>\n<p>&nbsp;<\/p>\n<p><strong>How can I participate?<\/strong><\/p>\n<ul>\n<li>\u2026 as a patient, patient representative, or doctor in patient care:<\/li>\n<\/ul>\n<p>View the current status of the web app in its demo version at <a href=\"http:\/\/www.bkcheck.de\/\">www.bkcheck.de<\/a>. Give us feedback as to whether the web app is easily usable, if anything is missing, or what may be improved (contact: <a href=\"mailto:ipasum-bkcheck@fau.de\">ipasum-bkcheck@fau.de<\/a>). The application should live up to your needs as a user!<\/p>\n<ul>\n<li>\u2026 as an occupational physician or expert from another field:<\/li>\n<\/ul>\n<p>Share your knowledge about occupational diseases and specify what we program! The information must be prepared as follows: Affected organ system \u2192 exact disease \u2192 relevant exposure at the workplace (example: respiratory tract and lungs \u2192 lung cancer \u2192 chromium \/ chromium compounds). Progress can be tracked (and corrected!) at <a href=\"http:\/\/www.bkcheck.de\/\">www.bkcheck.de.<\/a> Give us feedback on whether the web app is easy to use in its current form, whether something is missing, or what could be improved (contact: <a href=\"mailto:ipasum-bkcheck@fau.de\">ipasum-bkcheck@fau.de<\/a>).<\/p>\n<p>&nbsp;<\/p>\n<p><strong>Project director:<\/strong><\/p>\n<p><span class=\"fau-person person liste-person\"><span itemscope itemtype=\"http:\/\/schema.org\/Person\"><a href=\"https:\/\/www.ipasum.med.fau.de\/person\/anna-wolfschmidt\/\"><span itemprop=\"name\"><span itemprop=\"honorificPrefix\">Dr. med.<\/span> <span class=\"fullname\"><span itemprop=\"givenName\">Anna<\/span> <span itemprop=\"familyName\">Wolfschmidt-Fietkau<\/span><\/span><\/span><\/a><\/span><\/span><\/p>\n<p>&nbsp;<\/p>\n<p><strong>Contact:<\/strong><\/p>\n<p>Email: <a href=\"mailto:ipasum-bkcheck@fau.de\">ipasum-bkcheck@fau.de<\/a><\/p>\n<\/div>\n<\/div>\n<\/div>\n<\/div>\n\n","protected":false},"excerpt":{"rendered":"","protected":false},"author":1688,"featured_media":0,"parent":0,"menu_order":0,"comment_status":"closed","ping_status":"closed","template":"","meta":{"_rrze_cache":"enabled","_rrze_multilang_single_locale":"en_GB","_rrze_multilang_single_source":"https:\/\/www.ipasum.med.fau.de\/?page_id=2704","_faue_teaser_image_id":0,"footnotes":""},"page_category":[],"page_tag":[],"class_list":["post-4468","page","type-page","status-publish","hentry","en-GB"],"faue_teaser_image_url":"","_links":{"self":[{"href":"https:\/\/www.ipasum.med.fau.de\/wp-json\/wp\/v2\/pages\/4468","targetHints":{"allow":["GET"]}}],"collection":[{"href":"https:\/\/www.ipasum.med.fau.de\/wp-json\/wp\/v2\/pages"}],"about":[{"href":"https:\/\/www.ipasum.med.fau.de\/wp-json\/wp\/v2\/types\/page"}],"author":[{"embeddable":true,"href":"https:\/\/www.ipasum.med.fau.de\/wp-json\/wp\/v2\/users\/1688"}],"replies":[{"embeddable":true,"href":"https:\/\/www.ipasum.med.fau.de\/wp-json\/wp\/v2\/comments?post=4468"}],"version-history":[{"count":4,"href":"https:\/\/www.ipasum.med.fau.de\/wp-json\/wp\/v2\/pages\/4468\/revisions"}],"predecessor-version":[{"id":4474,"href":"https:\/\/www.ipasum.med.fau.de\/wp-json\/wp\/v2\/pages\/4468\/revisions\/4474"}],"wp:attachment":[{"href":"https:\/\/www.ipasum.med.fau.de\/wp-json\/wp\/v2\/media?parent=4468"}],"wp:term":[{"taxonomy":"page_category","embeddable":true,"href":"https:\/\/www.ipasum.med.fau.de\/wp-json\/wp\/v2\/page_category?post=4468"},{"taxonomy":"page_tag","embeddable":true,"href":"https:\/\/www.ipasum.med.fau.de\/wp-json\/wp\/v2\/page_tag?post=4468"}],"curies":[{"name":"wp","href":"https:\/\/api.w.org\/{rel}","templated":true}]}}